{"id":1111,"date":"2022-05-30T12:15:43","date_gmt":"2022-05-30T10:15:43","guid":{"rendered":"http:\/\/www.guerir.ch\/?page_id=1111"},"modified":"2026-09-05T23:53:06","modified_gmt":"2026-09-05T21:53:06","slug":"temoignages","status":"publish","type":"page","link":"https:\/\/new.guerir.ch\/?page_id=1111","title":{"rendered":"T\u00e9moignages"},"content":{"rendered":"\n<p class=\"wp-block-paragraph\" style=\"color:#3F4046;font-size:17px;line-height:1.72\">Voici quelques retours de personnes que j\u2019ai accompagn\u00e9es. Ils sont publi\u00e9s avec leur accord.<\/p>\n\n<div class=\"wp-block-group has-border-color has-background\" style=\"border-color:#E7DFCF;border-width:1px;border-radius:4px;background-color:#ffffff;margin-bottom:24px;padding:30px 32px\"><div class=\"wp-block-group__inner-container is-layout-constrained wp-container-core-group-is-layout-6b0bba8e wp-block-group-is-layout-constrained\">\n\n<h3 class=\"wp-block-heading\" style=\"color:#8C8579;margin-bottom:1rem;font-size:13px;font-style:normal;font-weight:600;letter-spacing:0.09em;text-transform:uppercase\">St\u00e9phanie<\/h3>\n\n\n<p class=\"wp-block-paragraph\" style=\"color:#3F4046;font-size:16px;line-height:1.75\">Tr\u00e8s rapidement dans la th\u00e9rapie entreprise avec Marc Isenschmid, mes fausses croyances ont \u00e9t\u00e9 r\u00e9duites, pour finir par dispara\u00eetre. De grands changements dans ma mani\u00e8re de vivre se sont alors produits. Je suis d\u00e9sormais capable de voir les choses telles qu\u2019elles sont, sans les d\u00e9former par la peur et le stress, qui \u00e9taient mes principaux motifs de consultation. J\u2019ai arr\u00eat\u00e9 de me d\u00e9nigrer et de me dire que je n\u2019\u00e9tais pas capable. Maintenant je fais, j\u2019ose, et je n\u2019ai (presque ) plus peur. J\u2019ai plusieurs fois \u00e9t\u00e9 surprise par mon calme et par ma clairvoyance dans des situations qui, avant, m\u2019auraient totalement fait perdre les p\u00e9dales. C\u2019est d\u2019ailleurs avec sourire que parfois je me dis \u00ab&nbsp;Mais, normalement il faudrait stresser dans cette situation non?&nbsp;\u00bb&nbsp; Et bien non, je n\u2019en ai plus besoin, parce que mes fausses croyances s\u2019en sont all\u00e9es. Je prends les informations et agis en cons\u00e9quence, sans avoir de pens\u00e9e n\u00e9gative ou limitante. Je pense qu\u2019agir ainsi s\u2019appelle simplement vivre, vivre librement, en dehors de la cage que forment nos fausses croyances. Je ne peux que souhaiter \u00e0 tout en chacun de rencontrer cette exceptionnelle personne qu\u2019est Marc Isenschmid. Pour ma part, il a r\u00e9ellement chang\u00e9 ma vie en \u00e0 peine quelques mois. Je ne peux que lui dire un immense MERCI par le pr\u00e9sent t\u00e9moignage, qui je l\u2019esp\u00e8re, vous donnera le courage d\u2019oser changer votre vie \u00e0 votre tour.<\/p>\n<\/div><\/div>\n\n<div class=\"wp-block-group has-border-color has-background\" style=\"border-color:#E7DFCF;border-width:1px;border-radius:4px;background-color:#FEFCF7;margin-bottom:24px;padding:30px 32px\"><div class=\"wp-block-group__inner-container is-layout-constrained wp-container-core-group-is-layout-6b0bba8e wp-block-group-is-layout-constrained\">\n\n<h3 class=\"wp-block-heading\" style=\"color:#8C8579;margin-bottom:1rem;font-size:13px;font-style:normal;font-weight:600;letter-spacing:0.09em;text-transform:uppercase\">Nico<\/h3>\n\n\n<p class=\"wp-block-paragraph\" style=\"color:#3F4046;font-size:16px;line-height:1.75\">Je suis consultant digital et je suis venu consulter Marc pour un blocage li\u00e9 \u00e0 la l\u00e9gitimation de gagner de l\u2019argent en \u00e9change de mes conseils. Par suite d\u2019un passage \u00e0 vide il y a une dizaine d\u2019ann\u00e9e, j\u2019ai d\u00e9velopp\u00e9 une forme de peur de l\u2019argent qui a engendr\u00e9 des difficult\u00e9s \u00e0 croire positivement \u00e0 l\u2019id\u00e9e de m\u2019enrichir. J\u2019avais le sentiment que l\u2019argent (celui pr\u00e9sent dans le monde) ne servait que les personnes fallacieuses, et que l\u2019id\u00e9e de m\u2019enrichir emm\u00e8nerait indirectement d\u2019autres personnes \u00e0 s\u2019appauvrir&nbsp;; Non pas le client lui-m\u00eame mais d\u2019autres personnes victimes de cet enrichissement. C\u2019\u00e9tait une id\u00e9e humaniste qui supposait que l\u2019argent \u00e9tait disponible en une certaine quantit\u00e9, et que si j\u2019en prenais un peu, il n\u2019en resterait moins pour les autres. Mais l\u2019argent n\u2019a rien d\u2019humaniste, c\u2019est un moyen pour vivre et sa valeur est totalement subjective. Au-del\u00e0 de la valeur marchande, et l\u2019on peut vendre le m\u00eame conseil CHF 100.00 comme CHF 10\u2019000. Ce n\u2019est qu\u2019une question de point de vue. D\u00e9cid\u00e9 \u00e0 me remettre en piste, j\u2019ai parl\u00e9 de mon probl\u00e8me \u00e0 Marc qui m\u2019a aid\u00e9 \u00e0 remettre mes compteurs \u00e0 z\u00e9ro. En deux s\u00e9ances, j\u2019ai retrouv\u00e9 mon potentiel gagnant. J\u2019ai commenc\u00e9 \u00e0 croire davantage en mes id\u00e9es, et \u00e0 consid\u00e9rer ma valeur personnelle sur le plan professionnel. Ce petit quelque chose qui reboutait mes prospects et clients (gagn\u00e9s avec beaucoup de peine) avait disparu. J\u2019ai commenc\u00e9 \u00e0 d\u00e9velopper mon entreprise et retrouver ma flamme. Je re\u00e7ois de nouveaux clients chaque semaine sans l\u2019impression de fournir des efforts importants, ils viennent \u00e0 mois naturellement et je fixe des prix qui me permettent de vivre comme je l\u2019entends. Cette exp\u00e9rience m\u2019a d\u00e9montr\u00e9 que la vibration \u00e9nerg\u00e9tique que l\u2019on renvoie a un impact sur les rapports que l\u2019on entretien avec le monde, avec les gens et avec l\u2019argent. Marc vous aide \u00e0 vous r\u00e9v\u00e9ler tel que vous \u00eates et non pas tel que vous aimeriez \u00eatre. Curieusement, lorsque la premi\u00e8re condition est vraie, la seconde suit naturellement.<\/p>\n<\/div><\/div>\n\n<div class=\"wp-block-group has-border-color has-background\" style=\"border-color:#E7DFCF;border-width:1px;border-radius:4px;background-color:#ffffff;margin-bottom:24px;padding:30px 32px\"><div class=\"wp-block-group__inner-container is-layout-constrained wp-container-core-group-is-layout-6b0bba8e wp-block-group-is-layout-constrained\">\n\n<h3 class=\"wp-block-heading\" style=\"color:#8C8579;margin-bottom:1rem;font-size:13px;font-style:normal;font-weight:600;letter-spacing:0.09em;text-transform:uppercase\">Nadia<\/h3>\n\n\n<p class=\"wp-block-paragraph\" style=\"color:#3F4046;font-size:16px;line-height:1.75\">La m\u00e9thode de M. Isenschmid est si simple et organique, presque comme un coup de baguette magique, qu\u2019on n\u2019en revient pas et pourtant elle est d\u2019une efficacit\u00e9 in\u00e9dite. Elle m\u2019a permis de gagner \u00e9norm\u00e9ment en clart\u00e9 quant \u00e0 mes sch\u00e9mas, ils n\u2019ont pas tous compl\u00e9tement disparus, mais je me vois avec honn\u00eatet\u00e9 et prends les d\u00e9cisions en connaissance de cause. C\u2019est impossible de faire l\u2019autruche. Je me sens bien mieux dans ma peau, puisque je suis maintenant moi-m\u00eame sur bien des plans. Mes interactions sociales sont aussi plus simples et pures, je fais les choses par envie et pas par obligation\/culpabilit\u00e9 et je profite d\u2019un nouveau socle de tranquillit\u00e9 dans ma vie. C\u2019est tellement fort que je n\u2019arrive presque plus \u00e0 me rappeler d\u2019avant, lorsque mon esprit semblait bas\u00e9 sur des automatismes tel un disc dur ray\u00e9. Je ne peux que vivement recommander ce voyage vers la lib\u00e9ration du v\u00e9ritable soi et je remercie Marc pour le travail effectu\u00e9.<\/p>\n<\/div><\/div>\n\n<div class=\"wp-block-group has-border-color has-background\" style=\"border-color:#E7DFCF;border-width:1px;border-radius:4px;background-color:#FEFCF7;margin-bottom:24px;padding:30px 32px\"><div class=\"wp-block-group__inner-container is-layout-constrained wp-container-core-group-is-layout-6b0bba8e wp-block-group-is-layout-constrained\">\n\n<h3 class=\"wp-block-heading\" style=\"color:#8C8579;margin-bottom:1rem;font-size:13px;font-style:normal;font-weight:600;letter-spacing:0.09em;text-transform:uppercase\">Alain<\/h3>\n\n\n<p class=\"wp-block-paragraph\" style=\"color:#3F4046;font-size:16px;line-height:1.75\">Waouh&nbsp;! Cela r\u00e9sume bien le chemin parcouru avec Marc&nbsp;! Cela faisait 20 ans que je n\u2019arrivais pas \u00e0 trouver ma place dans mon m\u00e9tier de vigneron (salari\u00e9 ou ind\u00e9pendant). Les effacements, entre autres, m\u2019ont permis d\u2019abandonner cette peur visc\u00e9rale de ne pas plaire ou de faire \u00ab&nbsp;mal&nbsp;\u00bb. J\u2019exerce maintenant ce m\u00e9tier, que j\u2019adore, de la mani\u00e8re dont j\u2019ai envie, avec les personnes qui m\u2019enrichissent et une envie renouvel\u00e9e. Je suis reconnaissant envers Marc de m\u2019avoir permis cela<\/p>\n<\/div><\/div>\n\n<div class=\"wp-block-group has-border-color has-background\" style=\"border-color:#E7DFCF;border-width:1px;border-radius:4px;background-color:#ffffff;margin-bottom:24px;padding:30px 32px\"><div class=\"wp-block-group__inner-container is-layout-constrained wp-container-core-group-is-layout-6b0bba8e wp-block-group-is-layout-constrained\">\n\n<h3 class=\"wp-block-heading\" style=\"color:#8C8579;margin-bottom:1rem;font-size:13px;font-style:normal;font-weight:600;letter-spacing:0.09em;text-transform:uppercase\">Barbara<\/h3>\n\n\n<p class=\"wp-block-paragraph\" style=\"color:#3F4046;font-size:16px;line-height:1.75\">Mes s\u00e9ances chez Marc m\u2019apportent une bouff\u00e9e de libert\u00e9, de l\u00e2cher prise, de confiance, d\u2019espoir. Elles me permettent de me d\u00e9lester d\u2019\u00e9v\u00e9nements ou d\u2019\u00e9motions lourdes que je tra\u00eene depuis longtemps et d\u2019avancer plus sereinement dans ma vie. Je me sens comprise, \u00e9cout\u00e9e et soutenue. Quel bien cela fait de se d\u00e9tacher des croyances limitantes et d\u2019oser enfin vivre sans culpabilit\u00e9 ni pression. Je ne peux que recommander Marc. Merci.<\/p>\n<\/div><\/div>\n\n<div class=\"wp-block-group has-border-color has-background\" style=\"border-color:#E7DFCF;border-width:1px;border-radius:4px;background-color:#FEFCF7;margin-bottom:24px;padding:30px 32px\"><div class=\"wp-block-group__inner-container is-layout-constrained wp-container-core-group-is-layout-6b0bba8e wp-block-group-is-layout-constrained\">\n\n<h3 class=\"wp-block-heading\" style=\"color:#8C8579;margin-bottom:1rem;font-size:13px;font-style:normal;font-weight:600;letter-spacing:0.09em;text-transform:uppercase\">Xavier<\/h3>\n\n\n<p class=\"wp-block-paragraph\" style=\"color:#3F4046;font-size:16px;line-height:1.75\">Aller chez Marc, c\u2019est entrer dans une nouvelle dimension th\u00e9rapeutique. Accrochez-vous \u00e7a d\u00e9m\u00e9nage!Dans le concept, effacer des croyances, &nbsp;cela para\u00eet simple mais dans le v\u00e9cu, c\u2019est tr\u00e8s subtil et l\u2019\u00e9volution n\u2019en est que plus remarquable.Travailler avec Marc apporte une vision toute diff\u00e9rente et tr\u00e8s \u00e9volutive de ce que peut \u00eatre la vie avec toutes ses facettes. du tout ou du rien, du vide ou du plein, tout a son sens.Je suis ravis de pouvoir \u00e9voluer et progresser \u00e0 son contact.<\/p>\n<\/div><\/div>\n\n<div class=\"wp-block-group has-border-color has-background\" style=\"border-color:#E7DFCF;border-width:1px;border-radius:4px;background-color:#ffffff;margin-bottom:24px;padding:30px 32px\"><div class=\"wp-block-group__inner-container is-layout-constrained wp-container-core-group-is-layout-6b0bba8e wp-block-group-is-layout-constrained\">\n\n<h3 class=\"wp-block-heading\" style=\"color:#8C8579;margin-bottom:1rem;font-size:13px;font-style:normal;font-weight:600;letter-spacing:0.09em;text-transform:uppercase\">G\u00e9raldine<\/h3>\n\n\n<p class=\"wp-block-paragraph\" style=\"color:#3F4046;font-size:16px;line-height:1.75\">Le poids des mes croyances limitantes s\u2019est peu \u00e0 peu dissip\u00e9 gr\u00e2ce \u00e0 la th\u00e9rapie de Marc. Je trouve que sa technique est simple mais tr\u00e8s efficace.&nbsp;<br>Je pratique r\u00e9guli\u00e8rement l\u2019effacement de mes croyances dans des situations quotidiennes, dans lesquelles je suis trop dans l\u2019\u00e9motion et \u00e7a m\u2019aide beaucoup \u00e0 l\u00e2cher prise.&nbsp;Je suis principalement venue pour des probl\u00e8mes familiaux et la th\u00e9rapie m\u2019a aid\u00e9e \u00e0 comprendre pourquoi les choses \u00e9taient ainsi.&nbsp;Je suis \u00e9galement venue pour des allergies et elles sont parties comme si elles n\u2019avaient jamais exist\u00e9es!&nbsp;Je recommande vivement Marc pour sa bienveillance et son honn\u00eatet\u00e9.<\/p>\n<\/div><\/div>\n","protected":false},"excerpt":{"rendered":"<p>Voici quelques retours de personnes que j\u2019ai accompagn\u00e9es. Ils sont publi\u00e9s avec leur accord. St\u00e9phanie Tr\u00e8s rapidement dans la th\u00e9rapie entreprise avec Marc Isenschmid, mes fausses croyances ont \u00e9t\u00e9 r\u00e9duites, pour finir par dispara\u00eetre. De grands changements dans ma mani\u00e8re de vivre se sont alors produits. Je suis d\u00e9sormais capable de voir les choses telles&#8230;<\/p>\n","protected":false},"author":1,"featured_media":4426,"parent":0,"menu_order":0,"comment_status":"closed","ping_status":"closed","template":"","meta":{"_kad_post_transparent":"","_kad_post_title":"","_kad_post_layout":"","_kad_post_sidebar_id":"","_kad_post_content_style":"","_kad_post_vertical_padding":"","_kad_post_feature":"","_kad_post_feature_position":"","_kad_post_header":false,"_kad_post_footer":false,"_kad_post_classname":"","footnotes":""},"class_list":["post-1111","page","type-page","status-publish","has-post-thumbnail","hentry"],"_links":{"self":[{"href":"https:\/\/new.guerir.ch\/index.php?rest_route=\/wp\/v2\/pages\/1111","targetHints":{"allow":["GET"]}}],"collection":[{"href":"https:\/\/new.guerir.ch\/index.php?rest_route=\/wp\/v2\/pages"}],"about":[{"href":"https:\/\/new.guerir.ch\/index.php?rest_route=\/wp\/v2\/types\/page"}],"author":[{"embeddable":true,"href":"https:\/\/new.guerir.ch\/index.php?rest_route=\/wp\/v2\/users\/1"}],"replies":[{"embeddable":true,"href":"https:\/\/new.guerir.ch\/index.php?rest_route=%2Fwp%2Fv2%2Fcomments&post=1111"}],"version-history":[{"count":14,"href":"https:\/\/new.guerir.ch\/index.php?rest_route=\/wp\/v2\/pages\/1111\/revisions"}],"predecessor-version":[{"id":4460,"href":"https:\/\/new.guerir.ch\/index.php?rest_route=\/wp\/v2\/pages\/1111\/revisions\/4460"}],"wp:featuredmedia":[{"embeddable":true,"href":"https:\/\/new.guerir.ch\/index.php?rest_route=\/wp\/v2\/media\/4426"}],"wp:attachment":[{"href":"https:\/\/new.guerir.ch\/index.php?rest_route=%2Fwp%2Fv2%2Fmedia&parent=1111"}],"curies":[{"name":"wp","href":"https:\/\/api.w.org\/{rel}","templated":true}]}}