{"id":2,"date":"2012-08-09T10:22:34","date_gmt":"2012-08-09T08:22:34","guid":{"rendered":"http:\/\/www.guerir.ch\/wordpress\/?page_id=2"},"modified":"2026-09-05T22:53:31","modified_gmt":"2026-09-05T20:53:31","slug":"page-d-exemple","status":"publish","type":"page","link":"https:\/\/new.guerir.ch\/","title":{"rendered":"M\u00e9thode"},"content":{"rendered":"\n<p class=\"wp-block-paragraph\">La m\u00e9thode <em>Portes de conscience<\/em> est une puissante m\u00e9thode de th\u00e9rapie naturelle qui utilise le pouvoir de notre Conscience ainsi que des effacements cibl\u00e9s de structures cr\u00e9atives n\u00e9fastes et limitantes pour amener le changement et la gu\u00e9rison.<\/p>\n\n\n\n<p class=\"wp-block-paragraph\">Notre <a href=\"https:\/\/new.guerir.ch\/travail-sur-la-conscience-et-les-perceptions\/\" data-type=\"post\" data-id=\"170\"><strong>Conscience<\/strong><\/a> est un outil remarquable, mais personne ne nous apprend \u00e0 l\u2019utiliser correctement et intensivement, on nous apprend certes \u00e0 r\u00e9fl\u00e9chir et \u00e0 utiliser notre intelligence, mais la Conscience est une aptitude encore diff\u00e9rente. Elle nous permet d\u2019acc\u00e9der \u00e0 un \u00e9tat de compr\u00e9hension plus vaste, plus intuitif, plus syst\u00e9mique des choses. Elle permet aussi d\u2019acc\u00e9der \u00e0 une compr\u00e9hension psychologique de soi-m\u00eame et des autres et de trouver des solutions \u00e0 tous les probl\u00e8mes qui pourraient se poser.<\/p>\n\n\n\n<p class=\"wp-block-paragraph\">J\u2019ai d\u00e9couvert cette mani\u00e8re de travailler il y a de cela 25 ans, quand j\u2019ai eu la chance d\u2019augmenter consid\u00e9rablement ma Conscience gr\u00e2ce \u00e0 ce travail d\u2019effacements et de d\u00e9-programmation. <a href=\"https:\/\/new.guerir.ch\/comment-effacer-vos-croyances\/\" data-type=\"page\" data-id=\"10\"><strong>Mes livres<\/strong><\/a> expliquent en d\u00e9tail comment j\u2019ai d\u00e9couvert tout cela et comment j\u2019ai progress\u00e9 sur ce chemin pendant les premi\u00e8res ann\u00e9es de mes d\u00e9couvertes.<\/p>\n\n\n\n<p class=\"wp-block-paragraph\">Avec le temps, mes progr\u00e8s au niveau de la Conscience m\u2019ont permis de d\u00e9bloquer diverses capacit\u00e9s : je suis devenu clairvoyant, clairaudient et clairconscient. Ces termes consacr\u00e9s en th\u00e9rapie ne veulent peut-\u00eatre pas dire grand chose pour vous, si vous ne venez pas de ce milieu, alors laissez-moi vous les expliquer. Ces termes veulent dire que quand j\u2019observe les gens, je peux voir leurs histoires <a href=\"https:\/\/new.guerir.ch\/karmas\/\" data-type=\"post\" data-id=\"149\"><strong>karmiques<\/strong><\/a>, leur traumas pass\u00e9s, leurs croyances, leurs blessures, leurs sch\u00e9mas de vie\u2026 Je peux \u00e0 la fois, le voir, l\u2019entendre et le comprendre, d\u2019o\u00f9 les trois termes.<\/p>\n\n\n\n<p class=\"wp-block-paragraph\">Ces aptitudes m\u2019aident \u00e0 comprendre tr\u00e8s rapidement les causes des probl\u00e8mes de vie, des probl\u00e8mes \u00e9motionnels ou de sant\u00e9 de mes patients, m\u00eame sans qu\u2019ils aient besoin de me les expliquer. Je fais n\u00e9anmoins un bilan complet lors de mes premi\u00e8res s\u00e9ances pour ne rien laisser de c\u00f4t\u00e9. J\u2019applique ensuite mes corrections. En moyenne, mes patients exp\u00e9rimentent des changements notables en 3 ou 4 s\u00e9ances. La dur\u00e9e moyenne de mes s\u00e9ances est de 6-7 s\u00e9ances \u00e0 un rythme de une s\u00e9ance par mois. Ce rythme peut \u00eatre acc\u00e9l\u00e9r\u00e9 ou ralenti en fonction des d\u00e9sirs et possibilit\u00e9s de chacun.<\/p>\n\n\n\n<p class=\"wp-block-paragraph\"><strong>D\u00e9roulement d\u2019une s\u00e9ance<\/strong><br>Une s\u00e9ance Portes de conscience se d\u00e9roule ainsi : je fais un bilan initial, puis j\u2019explique comment je travaille, je demande au patient quels sont ses souhaits de gu\u00e9rison ou de changement ou si il pr\u00e9f\u00e8re : quels sont les probl\u00e8mes qu\u2019il souhaite r\u00e9soudre et je fais une premi\u00e8re analyse \u00e0 froid du patient. Puis je propose des corrections initiales qui sont souvent les m\u00eames pour tout le monde, car certaines corrections sont favorables \u00e0 tout le monde. Ces corrections permettent de se lib\u00e9rer de l\u2019influence de nos \u00e9gos (structures identitaires \u00e9gotiques bas\u00e9es sur le conditionnement social), des aspects toxiques de l\u2019h\u00e9r\u00e9dit\u00e9 et des croyances qu\u2019on nous a transmises de force.<\/p>\n\n\n\n<p class=\"wp-block-paragraph\">Puis je propose d\u2019autres corrections pour ramener la paix dans leur mental et leurs \u00e9motions ou pour augmenter leur capacit\u00e9 de Conscience. Selon ce qui est n\u00e9cessaire, je propose des corrections pour apaiser et gu\u00e9rir l\u2019\u00e2me, les chakras, les m\u00e9ridiens ou le corps physique. Puis, d\u2019une s\u00e9ance \u00e0 l\u2019autre, le patient va conna\u00eetre des am\u00e9liorations et des processus qui vont l\u2019amener \u00e0 changer et \u00e0 gu\u00e9rir. Ces changements sont dus aux effacement lib\u00e9ratoires et aux prises de conscience qui s\u2019ensuivent : je ne rajoute rien \u00e0 personne, je ne donne pas d\u2019\u00e9nergie, je ne touche pas les gens. Tout se fait \u00e0 distance. C\u2019est pourquoi je peux \u00e0 la fois travailler en pr\u00e9sentiel ou par Skype ou tout autre logiciel de communication.<\/p>\n\n\n\n<p class=\"wp-block-paragraph\">Ma m\u00e9thode est accessible \u00e0 tous, elle peut \u00eatre apprise par mes livres et par mes cours, je vous encourage donc \u00e0 prendre connaissance du reste de mon site pour mieux comprendre en quoi consiste mon travail et pour vous donner envie, pourquoi pas, de suivre certaines de mes formations.<\/p>\n\n\n\n<p class=\"wp-block-paragraph\"><strong>Sujets sur lesquels je peux travailler<\/strong> : probl\u00e8mes \u00e9motionnels, probl\u00e8mes de sant\u00e9, maladies chroniques, probl\u00e8mes relationnels-familiaux-couple, probl\u00e8mes sexuels, difficult\u00e9s d\u2019apprentissage et de concentration, probl\u00e8mes psychologiques (d\u00e9pression, instabilit\u00e9 d\u2019humeur, manque de confiance en soi, manque d\u2019affirmation de soi, tendance \u00e0 la d\u00e9pr\u00e9ciation, repli sur soi), d\u00e9pendances affectives, chemin de vie, changement de carri\u00e8re ou am\u00e9liorations professionnelles, chance, r\u00e9silience vis \u00e0 vis des traumatismes et blessures, deuils, sch\u00e9mas r\u00e9p\u00e9titifs, hypersensibilit\u00e9, d\u00e9veloppement personnel, augmentation des capacit\u00e9s, joie de vivre, ancrage, incarnation, gestion des conflits, gestion de ses \u00e9motions.<\/p>\n\n\n\n<p class=\"wp-block-paragraph\"><strong>D\u00e9sordres physiques que j\u2019ai fr\u00e9quemment r\u00e9ussi \u00e0 gu\u00e9rir avec ma m\u00e9thode<\/strong> : probl\u00e8mes digestifs, probl\u00e8mes articulaires ou musculaires, probl\u00e8mes lymphatiques, infertilit\u00e9, probl\u00e8mes sexuels, kystes, mal de dos, suite de chocs et traumatismes, cons\u00e9quences des chutes et accidents, maladies chroniques, intoxication aux m\u00e9taux lourds, cystites r\u00e9cidivantes, probl\u00e8mes de r\u00e8gles et de cycle menstruel, probl\u00e8mes d\u2019addictions (alcool, drogue, sucre), entorses r\u00e9cidivantes etc.<\/p>\n\n\n","protected":false},"excerpt":{"rendered":"<p>La m\u00e9thode Portes de conscience est une puissante m\u00e9thode de th\u00e9rapie naturelle qui utilise le pouvoir de notre Conscience ainsi que des effacements cibl\u00e9s de structures cr\u00e9atives n\u00e9fastes et limitantes pour amener le changement et la gu\u00e9rison. Notre Conscience est un outil remarquable, mais personne ne nous apprend \u00e0 l\u2019utiliser correctement et intensivement, on nous&#8230;<\/p>\n","protected":false},"author":1,"featured_media":887,"parent":0,"menu_order":1,"comment_status":"closed","ping_status":"closed","template":"","meta":{"_kad_post_transparent":"","_kad_post_title":"","_kad_post_layout":"","_kad_post_sidebar_id":"","_kad_post_content_style":"","_kad_post_vertical_padding":"","_kad_post_feature":"","_kad_post_feature_position":"","_kad_post_header":false,"_kad_post_footer":false,"_kad_post_classname":"","footnotes":""},"class_list":["post-2","page","type-page","status-publish","has-post-thumbnail","hentry"],"_links":{"self":[{"href":"https:\/\/new.guerir.ch\/index.php?rest_route=\/wp\/v2\/pages\/2","targetHints":{"allow":["GET"]}}],"collection":[{"href":"https:\/\/new.guerir.ch\/index.php?rest_route=\/wp\/v2\/pages"}],"about":[{"href":"https:\/\/new.guerir.ch\/index.php?rest_route=\/wp\/v2\/types\/page"}],"author":[{"embeddable":true,"href":"https:\/\/new.guerir.ch\/index.php?rest_route=\/wp\/v2\/users\/1"}],"replies":[{"embeddable":true,"href":"https:\/\/new.guerir.ch\/index.php?rest_route=%2Fwp%2Fv2%2Fcomments&post=2"}],"version-history":[{"count":28,"href":"https:\/\/new.guerir.ch\/index.php?rest_route=\/wp\/v2\/pages\/2\/revisions"}],"predecessor-version":[{"id":4422,"href":"https:\/\/new.guerir.ch\/index.php?rest_route=\/wp\/v2\/pages\/2\/revisions\/4422"}],"wp:featuredmedia":[{"embeddable":true,"href":"https:\/\/new.guerir.ch\/index.php?rest_route=\/wp\/v2\/media\/887"}],"wp:attachment":[{"href":"https:\/\/new.guerir.ch\/index.php?rest_route=%2Fwp%2Fv2%2Fmedia&parent=2"}],"curies":[{"name":"wp","href":"https:\/\/api.w.org\/{rel}","templated":true}]}}