{"id":6,"date":"2012-08-09T12:57:03","date_gmt":"2012-08-09T10:57:03","guid":{"rendered":"http:\/\/www.guerir.ch\/wordpress\/?page_id=6"},"modified":"2026-09-06T00:14:49","modified_gmt":"2026-09-05T22:14:49","slug":"cours","status":"publish","type":"page","link":"https:\/\/new.guerir.ch\/?page_id=6","title":{"rendered":"Formations"},"content":{"rendered":"\n<p class=\"wp-block-paragraph\" style=\"color:#3F4046;font-size:17px;line-height:1.7\">Il est possible de se former \u00e0 ma m\u00e9thode de travail soit \u00e0 la carte, soit en tant que formation certifiante.<\/p>\n\n\n<p class=\"wp-block-paragraph\" style=\"color:#3F4046;font-size:17px;line-height:1.7\">\u00ab&nbsp;Portes de Conscience&nbsp;\u00bb est une m\u00e9thode de th\u00e9rapie holistique qui permet non seulement de changer sa vie, son comportement, sa mani\u00e8re de g\u00e9rer les \u00e9motions et les pens\u00e9es, mais c\u2019est aussi un outil de gu\u00e9rison physique.<\/p>\n\n\n<p class=\"wp-block-paragraph\" style=\"color:#3F4046;font-size:17px;line-height:1.7\">On peut appliquer les corrections de cette m\u00e9thode \u00e0 n\u2019importe quel sujet, \u00e0 n\u2019importe quel probl\u00e8me. C\u2019est pourquoi je propose aussi bien des s\u00e9ances \u00e0 des particuliers pour des probl\u00e8mes physiques, pour des maladies, qu\u2019\u00e0 des entreprises ou des institutions qui souhaiteraient trouver des moyens d\u2019am\u00e9liorer leur fonctionnement.<\/p>\n\n\n<p class=\"wp-block-paragraph\" style=\"color:#3F4046;font-size:17px;line-height:1.7\">J\u2019ai d\u00e9velopp\u00e9 cette m\u00e9thode pendant 14 ann\u00e9es au travers de : 7\u2019900 heures de recherche, 21\u2019000 heures de s\u00e9ances individuelles, 1\u2019640 heures de cours donn\u00e9s. Elle a maintenant atteint sa pleine maturit\u00e9, mais je continue \u00e0 la perfectionner avec les d\u00e9fis th\u00e9rapeutiques que je rencontre.<\/p>\n\n\n<div class=\"wp-block-columns are-vertically-aligned-center is-layout-flex wp-container-core-columns-is-layout-df998758 wp-block-columns-is-layout-flex\" style=\"margin-top:2.6rem;margin-bottom:2.6rem\">\n<div class=\"wp-block-column is-vertically-aligned-center is-layout-flow wp-block-column-is-layout-flow\" style=\"flex-basis:34%\">\n<figure class=\"wp-block-image size-large\"><img decoding=\"async\" width=\"768\" height=\"1152\" src=\"https:\/\/new.guerir.ch\/wp-content\/uploads\/2026\/09\/TO1A0249-768x1152.jpeg\" srcset=\"https:\/\/new.guerir.ch\/wp-content\/uploads\/2026\/09\/TO1A0249-200x300.jpeg 200w, https:\/\/new.guerir.ch\/wp-content\/uploads\/2026\/09\/TO1A0249-683x1024.jpeg 683w, https:\/\/new.guerir.ch\/wp-content\/uploads\/2026\/09\/TO1A0249-150x150.jpeg 150w, https:\/\/new.guerir.ch\/wp-content\/uploads\/2026\/09\/TO1A0249-768x1152.jpeg 768w, https:\/\/new.guerir.ch\/wp-content\/uploads\/2026\/09\/TO1A0249-1024x1536.jpeg 1024w\" sizes=\"auto, (max-width:781px) 100vw, 34vw\" alt=\"Marc Isenschmid en conf\u00e9rence\" class=\"wp-image-4507\" style=\"width:100%;border-radius:4px;display:block\" loading=\"lazy\"\/><\/figure>\n<\/div>\n\n\n<div class=\"wp-block-column is-vertically-aligned-center is-layout-flow wp-block-column-is-layout-flow\" style=\"flex-basis:66%\">\n<p class=\"wp-block-paragraph\" style=\"color:#3F4046;font-size:17px;line-height:1.7\">Vous pouvez aborder cette m\u00e9thode par des <a href=\"\/?page_id=521\"><strong>stages<\/strong><\/a> pour r\u00e9soudre certains probl\u00e8mes pr\u00e9cis, ou par des cours \u00e0 la carte en fonction de vos envies ou pour compl\u00e9ter vos capacit\u00e9s de th\u00e9rapeute.<\/p>\n\n<p class=\"wp-block-paragraph\" style=\"color:#3F4046;font-size:17px;line-height:1.7\">Les cours ont de nombreux avantages : ils amplifient et am\u00e9liorent les traitements suivis lors des s\u00e9ances individuelles, ils co\u00fbtent moins cher car une journ\u00e9e de travail vaut plusieurs s\u00e9ances, et vous pouvez acc\u00e9l\u00e9rer les choses.<\/p>\n<\/div>\n<\/div>\n\n\n<div class=\"wp-block-columns is-layout-flex wp-container-core-columns-is-layout-bdc15c62 wp-block-columns-is-layout-flex\" style=\"margin-top:2.5rem\">\n<div class=\"wp-block-column is-layout-flow wp-block-column-is-layout-flow\">\n<div class=\"wp-block-group has-border-color has-background\" style=\"border-color:#E7DFCF;border-width:1px;border-radius:4px;background-color:#ffffff;margin-bottom:22px;padding:26px 28px\"><div class=\"wp-block-group__inner-container is-layout-constrained wp-container-core-group-is-layout-14ae9913 wp-block-group-is-layout-constrained\">\n<h3 class=\"wp-block-heading\" style=\"color:#8C8579;margin-bottom:1rem;font-size:13px;font-style:normal;font-weight:600;letter-spacing:0.09em;text-transform:uppercase\">Comment commencer une formation ?<\/h3>\n\n<p class=\"wp-block-paragraph\" style=\"color:#3F4046;font-size:17px;line-height:1.7\">Id\u00e9alement, vous pouvez commencer par mon premier cours intitul\u00e9 <a href=\"\/?p=721\"><strong>Principes de gu\u00e9rison<\/strong><\/a>. Ce cours est tr\u00e8s important car il vous apprend des corrections de base indispensables \u00e0 la suite.<\/p>\n\n<p class=\"wp-block-paragraph\" style=\"color:#3F4046;font-size:17px;line-height:1.7\">Ensuite le choix est v\u00f4tre, mais v\u00e9rifiez les pr\u00e9requis not\u00e9s dans la description de chaque cours. Vous saurez ainsi dans quel ordre aborder les choses. Dans le doute, envoyez-moi un email.<\/p>\n\n<p class=\"wp-block-paragraph\" style=\"color:#3F4046;font-size:17px;line-height:1.7\"><strong>Pour vous inscrire<\/strong>, tous les <a href=\"\/?p=33\"><strong>renseignements sont ici<\/strong><\/a>.<\/p>\n\n<p class=\"wp-block-paragraph\" style=\"color:#3F4046;font-size:17px;line-height:1.7\">Pour les dates, consultez mon <a href=\"\/?p=114\"><strong>calendrier<\/strong><\/a>. Il est mis \u00e0 jour en juillet-ao\u00fbt et en d\u00e9cembre-janvier ; les cours y sont pr\u00e9vus pour les six prochains mois.<\/p>\n<\/div><\/div>\n<\/div>\n\n\n<div class=\"wp-block-column is-layout-flow wp-block-column-is-layout-flow\">\n<div class=\"wp-block-group has-border-color has-background\" style=\"border-color:#E7DFCF;border-width:1px;border-left-color:#F0D818;border-left-width:3px;border-radius:4px;background-color:#F5EEE1;margin-bottom:22px;padding:26px 28px\"><div class=\"wp-block-group__inner-container is-layout-constrained wp-container-core-group-is-layout-14ae9913 wp-block-group-is-layout-constrained\">\n<h3 class=\"wp-block-heading\" style=\"color:#8C8579;margin-bottom:1rem;font-size:13px;font-style:normal;font-weight:600;letter-spacing:0.09em;text-transform:uppercase\">Cours en ligne \u2014 nouveau<\/h3>\n\n<p class=\"wp-block-paragraph\" style=\"color:#3F4046;font-size:17px;line-height:1.7\">J\u2019ai commenc\u00e9 \u00e0 cr\u00e9er des cours en ligne pour ceux qui habitent loin de chez moi mais souhaitent suivre une formation avec ma m\u00e9thode. Ma premi\u00e8re formation en ligne est d\u00e9di\u00e9e aux chakras, ces centres d\u2019\u00e9nergie, ces moteurs de cr\u00e9ation fantastiques.<\/p>\n\n<p class=\"wp-block-paragraph\" style=\"color:#3F4046;font-size:17px;line-height:1.7\">\u00c0 travers un cours riche et complet, vous y trouverez le moyen d\u2019\u00e9valuer vos chakras, de les ressentir et de les traiter pour qu\u2019ils fonctionnent de mani\u00e8re optimale. Ce sera pour vous un outil pratique d\u2019auto-gu\u00e9rison, de lib\u00e9ration, de nettoyage quotidien.<\/p>\n\n<p class=\"wp-block-paragraph\" style=\"color:#3F4046;font-size:17px;line-height:1.7\"><a href=\"https:\/\/cours.guerir.ch\" target=\"_blank\" rel=\"noopener\"><strong>Le monde merveilleux des chakras \u2192<\/strong><\/a><\/p>\n<\/div><\/div>\n<\/div>\n<\/div>\n\n<h2 class=\"wp-block-heading\" style=\"margin-top:2.5rem;margin-bottom:1.2rem\">Formation compl\u00e8te \u00e0 la m\u00e9thode Portes de Conscience<\/h2>\n\n<div class=\"wp-block-columns is-layout-flex wp-container-core-columns-is-layout-36dc6899 wp-block-columns-is-layout-flex\">\n<div class=\"wp-block-column is-layout-flow wp-block-column-is-layout-flow\">\n<div class=\"wp-block-group has-border-color has-background\" style=\"border-color:#E7DFCF;border-width:1px;border-radius:4px;background-color:#ffffff;margin-bottom:22px;padding:26px 28px\"><div class=\"wp-block-group__inner-container is-layout-constrained wp-container-core-group-is-layout-14ae9913 wp-block-group-is-layout-constrained\">\n<h3 class=\"wp-block-heading\" style=\"color:#8C8579;margin-bottom:1rem;font-size:13px;font-style:normal;font-weight:600;letter-spacing:0.09em;text-transform:uppercase\">Cycle 1 \u2014 base \u00e0 interm\u00e9diaire<\/h3>\n\n<p class=\"wp-block-paragraph\" style=\"color:#3F4046;font-size:16px;line-height:1.7\"><strong>168 heures au total<\/strong><\/p>\n\n<ul class=\"wp-block-list\" style=\"font-size:16px;line-height:1.75\">\n<li><a href=\"\/?p=721\">Principes de gu\u00e9rison<\/a> <span style=\"color:#8C8579\">(2 jours \u2013 16 heures)<\/span><\/li>\n\n<li><a href=\"\/?p=99\">Le Hara : centre d\u2019\u00e9quilibre et force de vie<\/a> <span style=\"color:#8C8579\">(1 jour)<\/span><\/li>\n\n<li><a href=\"\/?p=130\">Expression th\u00e9rapeutique<\/a> <span style=\"color:#8C8579\">(1 jour)<\/span><\/li>\n\n<li><a href=\"\/?p=132\">Calme \u00e9motionnel<\/a> <span style=\"color:#8C8579\">(1 jour)<\/span><\/li>\n\n<li><a href=\"\/?p=134\">Calme mental<\/a> <span style=\"color:#8C8579\">(1 jour)<\/span><\/li>\n\n<li><a href=\"\/?p=170\">D\u00e9velopper votre conscience et vos perceptions<\/a> <span style=\"color:#8C8579\">(1 jour)<\/span><\/li>\n\n<li><a href=\"\/?p=1358\">Dialoguer avec son inconscient<\/a> <span style=\"color:#8C8579\">(1 jour)<\/span><\/li>\n\n<li><a href=\"\/?p=143\">Anc\u00eatres et h\u00e9ritages<\/a> <span style=\"color:#8C8579\">(3 jours sur 2 mois)<\/span><\/li>\n\n<li><a href=\"\/?p=149\">Karmas : m\u00e9moires et traumatismes du pass\u00e9<\/a> <span style=\"color:#8C8579\">(3 jours)<\/span><\/li>\n\n<li><a href=\"\/?p=159\">Identit\u00e9s : qui sommes-nous ?<\/a> <span style=\"color:#8C8579\">(5 jours sur 3 mois)<\/span><\/li>\n\n<li><a href=\"\/?p=145\">Intelligence et apprentissage<\/a> <span style=\"color:#8C8579\">(1 jour)<\/span><\/li>\n\n<li><a href=\"\/?p=460\">M\u00e9thodologie niveau 1<\/a> <span style=\"color:#8C8579\">(1 jour)<\/span><\/li>\n<\/ul>\n<\/div><\/div>\n<\/div>\n\n\n<div class=\"wp-block-column is-layout-flow wp-block-column-is-layout-flow\">\n<div class=\"wp-block-group has-border-color has-background\" style=\"border-color:#E7DFCF;border-width:1px;border-radius:4px;background-color:#ffffff;margin-bottom:22px;padding:26px 28px\"><div class=\"wp-block-group__inner-container is-layout-constrained wp-container-core-group-is-layout-14ae9913 wp-block-group-is-layout-constrained\">\n<h3 class=\"wp-block-heading\" style=\"color:#8C8579;margin-bottom:1rem;font-size:13px;font-style:normal;font-weight:600;letter-spacing:0.09em;text-transform:uppercase\">Cycle 2 \u2014 avanc\u00e9<\/h3>\n\n<p class=\"wp-block-paragraph\" style=\"color:#3F4046;font-size:16px;line-height:1.7\"><strong>160 heures.<\/strong> Il faut avoir termin\u00e9 le cycle 1 pour suivre les cours du cycle 2, \u00e0 l\u2019exception des cours Chakras 1 et 2.<\/p>\n\n<ul class=\"wp-block-list\" style=\"font-size:16px;line-height:1.75\">\n<li><a href=\"\/?p=161\">Traitement des allergies et intol\u00e9rances<\/a> <span style=\"color:#8C8579\">(2 jours)<\/span><\/li>\n\n<li><a href=\"\/?p=163\">Traitement des organes internes et leurs maladies<\/a> <span style=\"color:#8C8579\">(1 jour)<\/span><\/li>\n\n<li><a href=\"\/?p=1233\">Cerveau, syst\u00e8me nerveux et fonctions c\u00e9r\u00e9brales<\/a> <span style=\"color:#8C8579\">(1 jour)<\/span><\/li>\n\n<li>Syst\u00e8me lymphatique <span style=\"color:#8C8579\">(1 jour)<\/span><\/li>\n\n<li>Glandes endocrines <span style=\"color:#8C8579\">(1 jour)<\/span><\/li>\n\n<li>Peau, muscles et circulation sanguine <span style=\"color:#8C8579\">(1 jour)<\/span><\/li>\n\n<li>Squelette et mouvement <span style=\"color:#8C8579\">(1 jour)<\/span><\/li>\n\n<li>Microbiote <span style=\"color:#8C8579\">(1 jour)<\/span><\/li>\n\n<li>Syst\u00e8me immunitaire <span style=\"color:#8C8579\">(1 jour)<\/span><\/li>\n\n<li>M\u00e9ridiens et \u00e9nergie vitale <span style=\"color:#8C8579\">(1 jour)<\/span><\/li>\n\n<li><a href=\"\/?p=157\">Chakras niveau 1<\/a> <span style=\"color:#8C8579\">(1 jour)<\/span><\/li>\n\n<li><a href=\"\/?p=1235\">Chakras niveau 2 et les 11 valeurs<\/a> <span style=\"color:#8C8579\">(1 jour)<\/span><\/li>\n\n<li>Traitement de l\u2019inconscient <span style=\"color:#8C8579\">(1 jour)<\/span><\/li>\n\n<li>M\u00e9thodologie niveau 2 <span style=\"color:#8C8579\">(1 jour)<\/span><\/li>\n\n<li>\u00c9tudes de cas et stages surveill\u00e9s <span style=\"color:#8C8579\">(3 jours)<\/span><\/li>\n<\/ul>\n<\/div><\/div>\n<\/div>\n<\/div>\n\n<p class=\"wp-block-paragraph\" style=\"color:#3F4046;font-size:15px;line-height:1.7\">Certains cours n\u2019ont pas encore de descriptif sur le site ; il n\u2019y a donc pas de lien disponible.<\/p>\n\n<p class=\"wp-block-paragraph\" style=\"color:#3F4046;font-size:15px;line-height:1.7\"><em>Cette liste est susceptible d\u2019\u00e9voluer au fil de mes recherches et des imp\u00e9ratifs li\u00e9s \u00e0 la reconnaissance des associations professionnelles.<\/em><\/p>\n\n<div class=\"wp-block-group has-border-color has-background\" style=\"border-color:#E7DFCF;border-width:1px;border-radius:4px;background-color:#F5EEE1;margin-bottom:22px;padding:26px 28px\"><div class=\"wp-block-group__inner-container is-layout-constrained wp-container-core-group-is-layout-14ae9913 wp-block-group-is-layout-constrained\">\n<p class=\"wp-block-paragraph\" style=\"color:#3F4046;font-size:16px;line-height:1.7\">N\u2019oubliez pas de vous inscrire \u00e0 ma <strong>newsletter<\/strong> (en bas de page) pour \u00eatre inform\u00e9 de tous les cours et stages que je pratique, et de toutes mes nouveaut\u00e9s.<\/p>\n<\/div><\/div>\n","protected":false},"excerpt":{"rendered":"<p>Il est possible de se former \u00e0 ma m\u00e9thode de travail soit \u00e0 la carte, soit en tant que formation certifiante. \u00ab&nbsp;Portes de Conscience&nbsp;\u00bb est une m\u00e9thode de th\u00e9rapie holistique qui permet non seulement de changer sa vie, son comportement, sa mani\u00e8re de g\u00e9rer les \u00e9motions et les pens\u00e9es, mais c\u2019est aussi un outil de&#8230;<\/p>\n","protected":false},"author":1,"featured_media":867,"parent":0,"menu_order":0,"comment_status":"closed","ping_status":"closed","template":"","meta":{"_kad_post_transparent":"","_kad_post_title":"","_kad_post_layout":"left","_kad_post_sidebar_id":"sidebar-primary","_kad_post_content_style":"","_kad_post_vertical_padding":"","_kad_post_feature":"","_kad_post_feature_position":"","_kad_post_header":false,"_kad_post_footer":false,"_kad_post_classname":"","footnotes":""},"class_list":["post-6","page","type-page","status-publish","has-post-thumbnail","hentry"],"_links":{"self":[{"href":"https:\/\/new.guerir.ch\/index.php?rest_route=\/wp\/v2\/pages\/6","targetHints":{"allow":["GET"]}}],"collection":[{"href":"https:\/\/new.guerir.ch\/index.php?rest_route=\/wp\/v2\/pages"}],"about":[{"href":"https:\/\/new.guerir.ch\/index.php?rest_route=\/wp\/v2\/types\/page"}],"author":[{"embeddable":true,"href":"https:\/\/new.guerir.ch\/index.php?rest_route=\/wp\/v2\/users\/1"}],"replies":[{"embeddable":true,"href":"https:\/\/new.guerir.ch\/index.php?rest_route=%2Fwp%2Fv2%2Fcomments&post=6"}],"version-history":[{"count":46,"href":"https:\/\/new.guerir.ch\/index.php?rest_route=\/wp\/v2\/pages\/6\/revisions"}],"predecessor-version":[{"id":4509,"href":"https:\/\/new.guerir.ch\/index.php?rest_route=\/wp\/v2\/pages\/6\/revisions\/4509"}],"wp:featuredmedia":[{"embeddable":true,"href":"https:\/\/new.guerir.ch\/index.php?rest_route=\/wp\/v2\/media\/867"}],"wp:attachment":[{"href":"https:\/\/new.guerir.ch\/index.php?rest_route=%2Fwp%2Fv2%2Fmedia&parent=6"}],"curies":[{"name":"wp","href":"https:\/\/api.w.org\/{rel}","templated":true}]}}