{"id":990,"date":"2020-05-24T12:29:06","date_gmt":"2020-05-24T10:29:06","guid":{"rendered":"http:\/\/www.guerir.ch\/?page_id=990"},"modified":"2026-09-05T22:47:36","modified_gmt":"2026-09-05T20:47:36","slug":"votre-parole-est-la-cle","status":"publish","type":"page","link":"https:\/\/new.guerir.ch\/?page_id=990","title":{"rendered":"Votre parole est la cl\u00e9"},"content":{"rendered":"<div class=\"wp-block-image\">\n<figure class=\"alignleft\"><a href=\"https:\/\/www.amazon.fr\/Votre-parole-est-cl%C3%A9-mots\/dp\/1091631808\/\" target=\"_blank\" rel=\"noreferrer noopener\"><img loading=\"lazy\" decoding=\"async\" width=\"239\" height=\"336\" src=\"http:\/\/www.guerir.ch\/wordpress\/wp-content\/uploads\/2020\/05\/Votre-parole_couv_vf_h336.jpg\" alt=\"Couverture de votre parole est la cl\u00e9\" class=\"wp-image-988\" srcset=\"https:\/\/new.guerir.ch\/wp-content\/uploads\/2020\/05\/Votre-parole_couv_vf_h336.jpg 239w, https:\/\/new.guerir.ch\/wp-content\/uploads\/2020\/05\/Votre-parole_couv_vf_h336-213x300.jpg 213w\" sizes=\"auto, (max-width: 239px) 100vw, 239px\" \/><\/a><\/figure>\n<\/div>\n\n\n<p class=\"wp-block-paragraph\">Voici mon troisi\u00e8me livre de th\u00e9rapie. Il est intitul\u00e9 : <strong><a href=\"https:\/\/www.amazon.fr\/Votre-parole-est-cl%C3%A9-mots\/dp\/1091631808\/\">\u00ab\u00a0Votre parole est la cl\u00e9 : des mots pour vos maux\u00a0\u00bb<\/a><\/strong> et il vous apprendra \u00e0 vous comprendre d&rsquo;un point de vue \u00e9motionnel.<\/p>\n\n\n\n<p class=\"wp-block-paragraph\">L&rsquo;originalit\u00e9 de ce livre r\u00e9side dans sa technique unique d&rsquo;expression lib\u00e9ratrice. Une technique \u00e9tonnante et pourtant tr\u00e8s simple qui vous permettra de vous lib\u00e9rer des pressions \u00e9motionnelles. Des pressions que nous vivons tous les jours! Qui n&rsquo;a jamais ressenti la pression de la col\u00e8re, de la peur ou de la tristesse? Ou de la culpabilit\u00e9, de la honte? Ce sont des souffrances tr\u00e8s communes. Et qui n&rsquo;a jamais perdu ses moyens et son contr\u00f4le sur soi \u00e0 cause de ses \u00e9motions? Ce livre vous donnera de nouvelles cl\u00e9s pour apprendre \u00e0 contr\u00f4ler et lib\u00e9rer vos \u00e9motions sans douleurs et sans regrets.<br><\/p>\n\n\n\n<p class=\"wp-block-paragraph\"><strong>Quart de couverture:<\/strong> <br><em>Nous sommes souvent plus habiles \u00e0 dire leurs quatre v\u00e9rit\u00e9s aux autres qu\u2019\u00e0 regarder notre v\u00e9rit\u00e9 \u00e9motionnelle. En fait, nous cherchons souvent inconsciemment \u00e0 \u00e9viter de nous \u00e9couter en profondeur. Certaines personnes ont peur de leur col\u00e8re ou de leur rage, d\u2019autres de leurs peurs ou de la tristesse. Nos croyances n\u00e9gatives sur les \u00e9motions nous am\u00e8nent \u00e0 les ignorer, \u00e0 les refouler et \u00e0 les cacher au plus profond de nous.Or nos \u00e9motions sont aussi des informations qui nous aident \u00e0 vivre notre \u00eatre id\u00e9al, notre cr\u00e9ativit\u00e9, notre fluidit\u00e9. Elles nous expliquent constamment qui nous sommes, ce que nous voulons, ce que nous ne voulons pas. Elles peuvent autant servir d\u2019avertissements pour \u00eatre respect\u00e9, que de signes qui nous indiquent qu\u2019il faut lever le pied, ou d\u2019incitations positives \u00e0 vivre certaines activit\u00e9s. Le but de ce livre est de vous aider \u00e0 d\u00e9coder vos \u00e9motions, \u00e0 vous occuper de vous-m\u00eame. Vous y d\u00e9couvrirez que la parole a un pouvoir insoup\u00e7onn\u00e9 sur vos \u00e9motions et que c\u2019est un outil remarquable pour trouver la paix int\u00e9rieure.<\/em><\/p>\n","protected":false},"excerpt":{"rendered":"<p>Voici mon troisi\u00e8me livre de th\u00e9rapie. Il est intitul\u00e9 : \u00ab\u00a0Votre parole est la cl\u00e9 : des mots pour vos maux\u00a0\u00bb et il vous apprendra \u00e0 vous comprendre d&rsquo;un point de vue \u00e9motionnel. L&rsquo;originalit\u00e9 de ce livre r\u00e9side dans sa technique unique d&rsquo;expression lib\u00e9ratrice. Une technique \u00e9tonnante et pourtant tr\u00e8s simple qui vous permettra de&#8230;<\/p>\n","protected":false},"author":1,"featured_media":933,"parent":0,"menu_order":0,"comment_status":"closed","ping_status":"closed","template":"","meta":{"_kad_post_transparent":"","_kad_post_title":"","_kad_post_layout":"left","_kad_post_sidebar_id":"sidebar-secondary","_kad_post_content_style":"","_kad_post_vertical_padding":"","_kad_post_feature":"","_kad_post_feature_position":"","_kad_post_header":false,"_kad_post_footer":false,"_kad_post_classname":"","footnotes":""},"class_list":["post-990","page","type-page","status-publish","has-post-thumbnail","hentry"],"_links":{"self":[{"href":"https:\/\/new.guerir.ch\/index.php?rest_route=\/wp\/v2\/pages\/990","targetHints":{"allow":["GET"]}}],"collection":[{"href":"https:\/\/new.guerir.ch\/index.php?rest_route=\/wp\/v2\/pages"}],"about":[{"href":"https:\/\/new.guerir.ch\/index.php?rest_route=\/wp\/v2\/types\/page"}],"author":[{"embeddable":true,"href":"https:\/\/new.guerir.ch\/index.php?rest_route=\/wp\/v2\/users\/1"}],"replies":[{"embeddable":true,"href":"https:\/\/new.guerir.ch\/index.php?rest_route=%2Fwp%2Fv2%2Fcomments&post=990"}],"version-history":[{"count":6,"href":"https:\/\/new.guerir.ch\/index.php?rest_route=\/wp\/v2\/pages\/990\/revisions"}],"predecessor-version":[{"id":1192,"href":"https:\/\/new.guerir.ch\/index.php?rest_route=\/wp\/v2\/pages\/990\/revisions\/1192"}],"wp:featuredmedia":[{"embeddable":true,"href":"https:\/\/new.guerir.ch\/index.php?rest_route=\/wp\/v2\/media\/933"}],"wp:attachment":[{"href":"https:\/\/new.guerir.ch\/index.php?rest_route=%2Fwp%2Fv2%2Fmedia&parent=990"}],"curies":[{"name":"wp","href":"https:\/\/api.w.org\/{rel}","templated":true}]}}